{"id":9105,"date":"2023-04-26T17:12:24","date_gmt":"2023-04-26T15:12:24","guid":{"rendered":"https:\/\/mundaneum.eu\/?page_id=9105"},"modified":"2024-07-01T17:02:59","modified_gmt":"2024-07-01T15:02:59","slug":"bereikbaarheid","status":"publish","type":"page","link":"https:\/\/mundaneum.org\/nl\/bezoeken\/bereikbaarheid\/","title":{"rendered":"Bereikbaarheid"},"content":{"rendered":"\n<div class=\"wp-block-group is-nowrap is-layout-flex wp-container-core-group-is-layout-ad2f72ca wp-block-group-is-layout-flex\">\n<div style=\"margin-left:-20px;margin-right:-10px\" class=\"wp-block-getwid-icon\"><div class=\"wp-block-getwid-icon__wrapper\"><i class=\"fas fa-car-alt\"><\/i><\/div><\/div>\n\n\n\n<h3 class=\"wp-block-heading\"><span class=\"ez-toc-section\" id=\"Met_de_wagen\"><\/span>Met de wagen<span class=\"ez-toc-section-end\"><\/span><\/h3>\n<\/div>\n\n\n\n<p><strong>Komende van de snelweg E19 of E42:<\/strong><\/p>\n\n\n\n<ul class=\"wp-block-list\">\n<li>Afrit MONS-GHLIN<\/li>\n\n\n\n<li>Rechtdoor, over de brug van Ghlin, richting \u201cCentre\u201d (niet richting \u201cGare\u201d)<\/li>\n\n\n\n<li>Na de brug, bij&nbsp; de verkeerslichten, links (facult\u00e9 UMons-Warocqu\u00e9 op de linkerkant)<\/li>\n\n\n\n<li>Kleine ring op het rechter rijvak tot aan de verkeerslichten<\/li>\n\n\n\n<li>Juist voor het kruispunt (h\u00f4tel &#8220;Le Lido&#8221;- Place R\u00e9gnier au Long Col), draai rechts de rue de Nimy in<\/li>\n\n\n\n<li>Het Mundaneum bevindt zich iets hoger aan de linkerkant (+\/- 100 meter).<\/li>\n<\/ul>\n\n\n\n<div class=\"wp-block-group is-nowrap is-layout-flex wp-container-core-group-is-layout-ad2f72ca wp-block-group-is-layout-flex\">\n<div style=\"margin-left:-20px;margin-right:-10px\" class=\"wp-block-getwid-icon\"><div class=\"wp-block-getwid-icon__wrapper\"><i class=\"fas fa-bus-alt\"><\/i><\/div><\/div>\n\n\n\n<h3 class=\"wp-block-heading\"><span class=\"ez-toc-section\" id=\"Met_openbaar_vervoer_en_zachte_mobiliteit\"><\/span>Met openbaar vervoer en zachte mobiliteit<span class=\"ez-toc-section-end\"><\/span><\/h3>\n\n\n\n<h3 class=\"wp-block-heading\"><\/h3>\n<\/div>\n\n\n\n<p>Bij aankomst in het station van Bergen neemt u bus 15 of 16 en stapt u uit op Place R\u00e9gnier au Long Col. Neem dan de Rue de Nimy. Het Mundaneum ligt iets hoger aan de linkerkant (+\/- 100 meter).<\/p>\n\n\n\n<p>Of neem de City R-shuttle die op weekdagen om de 15 minuten rijdt en op zaterdag om de 20 minuten:&nbsp;<a href=\"https:\/\/www.google.be\/maps\/dir\/AD+Delhaize+Mons+Nimy,+Rue+de+Nimy,+Mons\/Mundaneum,+Rue+de+Nimy,+Mons\/@50.4582761,3.9532644,17z\/data=!3m1!4b1!4m14!4m13!1m5!1m1!1s0x47c24fe2931c71fb:0x8afcda2a12bf1811!2m2!1d3.9551271!2d50.4588912!1m5!1m1!1s0x47c24fe2b9848da5:0xcf3e01ed59210b49!2m2!1d3.9554935!2d50.4576543!3e2\"><strong>halte Mons Delhaize<\/strong><\/a>&nbsp;(onder aan de Rue de Nimy) en ga ongeveer 100 meter de straat op, het Mundaneum ligt aan de linkerkant.<\/p>\n\n\n\n<p>Het Mundaneum ligt op 15 minuten wandelen van het treinstation van Bergen (richting Grote Markt).<\/p>\n\n\n\n<p><\/p>\n\n\n\n<p>Download de documenten of klik op onderstaande links voor een betere leesbaarheid:<\/p>\n\n\n\n<ul class=\"wp-block-list\">\n<li><a href=\"http:\/\/lieu.mundaneum.org\/sites\/default\/files\/se_deplacer_en_bus_dans_le_centre_historique_de_mons.pdf\"><a href=\"http:\/\/expositions.mundaneum.org\/sites\/default\/files\/se_deplacer_en_bus_dans_le_centre_historique_de_mons.pdf\">Verplaatsingen met de bus in het historische hart van Mons<\/a><\/a><\/li>\n\n\n\n<li><a href=\"http:\/\/lieu.mundaneum.org\/sites\/default\/files\/tous_les_chemins_menent_a_la_gare.pdf\"><a href=\"http:\/\/expositions.mundaneum.org\/sites\/default\/files\/tous_les_chemins_menent_a_la_gare.pdf\">Alle wegen leiden naar het station<\/a><\/a><\/li>\n<\/ul>\n\n\n\n<p><a href=\"https:\/\/www.belgiantrain.be\/fr?gclid=Cj0KCQjwlMaGBhD3ARIsAPvWd6i8-Cd_BJgnkefew6g-bBfM3hwSZUBf1UyGPUc6q7VeyxQJblWf6fMaAh4QEALw_wcB\">SNCB<\/a>\u00a0&#8211;\u00a0<a href=\"https:\/\/www.letec.be\/#\/\">TEC<\/a>\u00a0&#8211;\u00a0<a href=\"https:\/\/www.provelo.org\/fr\/implantation\/mons\">PRO VELO<\/a>\u00a0&#8211;\u00a0<a href=\"https:\/\/www.mons.be\/vivre-a-mons\/mobilite-1\/deplacements\/en-taxi\">TAXI<\/a>\u00a0&#8211;\u00a0<a href=\"https:\/\/www.mons.be\/vivre-a-mons\/mobilite-1\/deplacements\/en-covoiturage\"><a href=\"https:\/\/www.mons.be\/vivre-a-mons\/mobilite-1\/deplacements\/en-covoiturage\">CARPOOLEN<\/a><\/a>\u00a0&#8211;\u00a0<a href=\"https:\/\/www.mons.be\/vivre-a-mons\/mobilite-1\/deplacements\/en-voiture-partagee\"><a href=\"https:\/\/www.mons.be\/vivre-a-mons\/mobilite-1\/deplacements\/en-voiture-partagee\">GEDEELDE AUTO&#8217;S<\/a><\/a><\/p>\n\n\n\n<div class=\"wp-block-group is-nowrap is-layout-flex wp-container-core-group-is-layout-ad2f72ca wp-block-group-is-layout-flex\">\n<div style=\"margin-left:-20px;margin-right:-10px\" class=\"wp-block-getwid-icon\"><div class=\"wp-block-getwid-icon__wrapper\"><i class=\"fas fa-parking\"><\/i><\/div><\/div>\n\n\n\n<h3 class=\"wp-block-heading\"><span class=\"ez-toc-section\" id=\"Parkings_in_Bergen\"><\/span>Parkings in Bergen<span class=\"ez-toc-section-end\"><\/span><\/h3>\n<\/div>\n\n\n\n<p><a href=\"http:\/\/www.mons.be\/vivre-a-mons\/cadre-de-vie\/mobilite\/stationnement\/parkings-gratuits\"><a href=\"https:\/\/www.mons.be\/vivre-a-mons\/mobilite\/stationnement\/parkings-gratuits\">Gratis parkings<\/a><\/a><\/p>\n\n\n\n<p><a href=\"http:\/\/www.mons.be\/vivre-a-mons\/cadre-de-vie\/mobilite\/stationnement\/parkings-couverts\"><a href=\"https:\/\/www.mons.be\/vivre-a-mons\/mobilite\/stationnement\/parkins-payants\">Betaalde parkings<\/a><\/a><\/p>\n\n\n\n<p><a href=\"http:\/\/www.mons.be\/vivre-a-mons\/cadre-de-vie\/mobilite\/stationnement\/parkings-conseilles\"><a href=\"https:\/\/www.mons.be\/vivre-a-mons\/territoire\/mobilite-1\/stationnement\/parkings-conseilles\">Gessugereerd parkings<\/a><\/a><\/p>\n\n\n\n<p><a href=\"https:\/\/www.mons.be\/vivre-a-mons\/mobilite-1\/stationnement\/parkings-pmr\"><a href=\"https:\/\/www.mons.be\/vivre-a-mons\/mobilite\/stationnement\/situation-de-handicap\">PBM parkeren<\/a><\/a><\/p>\n\n\n\n<div class=\"wp-block-group is-nowrap is-layout-flex wp-container-core-group-is-layout-ad2f72ca wp-block-group-is-layout-flex\">\n<div style=\"margin-left:-20px;margin-right:-10px\" class=\"wp-block-getwid-icon\"><div class=\"wp-block-getwid-icon__wrapper\"><i class=\"fas fa-bicycle\"><\/i><\/div><\/div>\n\n\n\n<h3 class=\"wp-block-heading\"><span class=\"ez-toc-section\" id=\"Fiets\"><\/span>Fiets<span class=\"ez-toc-section-end\"><\/span><\/h3>\n<\/div>\n\n\n\n<p><\/p>\n\n\n\n<p>Gelabeld als &#8220;Bienvenue v\u00e9lo&#8221; en &#8220;Point kit de r\u00e9paration v\u00e9lo &#8211; Ville de Mons&#8221;, heeft het Mundaneum<br>een fietsenstalling (direct voor de museumruimte en in de binnenplaats), een reparatieset<br>en een waterfontein om uw drinkfles bij te vullen. Kom met de fiets naar ons toe!<\/p>\n\n\n\n<p><\/p>\n\n\n\n<p><a href=\"https:\/\/www.mons.be\/vivre-a-mons\/mobilite-1\/stationnement\/parkings-velos\"><a href=\"https:\/\/www.mons.be\/vivre-a-mons\/mobilite-1\/stationnement\/parkings-velos\">Fietsenstallingen<\/a><\/a><\/p>\n\n\n\n<p><a href=\"https:\/\/ravel.wallonie.be\/home.html\">Ravel et v\u00e9loroutes en Wallonie<\/a><\/p>\n\n\n\n<p><a href=\"https:\/\/eurovelobelgium.be\/\">Eurov\u00e9lo<\/a><\/p>\n\n\n\n<div class=\"wp-block-columns is-layout-flex wp-container-core-columns-is-layout-9d6595d7 wp-block-columns-is-layout-flex\">\n<div class=\"wp-block-column is-layout-flow wp-block-column-is-layout-flow\">\n<figure class=\"wp-block-image size-full is-resized\"><img decoding=\"async\" width=\"555\" height=\"842\" src=\"https:\/\/mundaneum.org\/wp-content\/uploads\/2024\/06\/bienvenue-velo-transparent.png\" alt=\"\" class=\"wp-image-9801\" style=\"width:119px;height:auto\" srcset=\"https:\/\/mundaneum.org\/wp-content\/uploads\/2024\/06\/bienvenue-velo-transparent.png 555w, https:\/\/mundaneum.org\/wp-content\/uploads\/2024\/06\/bienvenue-velo-transparent-198x300.png 198w\" sizes=\"(max-width: 555px) 100vw, 555px\" \/><\/figure>\n<\/div>\n\n\n\n<div class=\"wp-block-column is-layout-flow wp-block-column-is-layout-flow\">\n<figure class=\"wp-block-image size-large is-resized\"><img decoding=\"async\" width=\"1024\" height=\"1024\" src=\"https:\/\/mundaneum.org\/wp-content\/uploads\/2024\/06\/3-1024x1024.jpg\" alt=\"\" class=\"wp-image-9790\" style=\"width:156px;height:auto\" srcset=\"https:\/\/mundaneum.org\/wp-content\/uploads\/2024\/06\/3-1024x1024.jpg 1024w, https:\/\/mundaneum.org\/wp-content\/uploads\/2024\/06\/3-300x300.jpg 300w, https:\/\/mundaneum.org\/wp-content\/uploads\/2024\/06\/3-150x150.jpg 150w, https:\/\/mundaneum.org\/wp-content\/uploads\/2024\/06\/3-768x768.jpg 768w, https:\/\/mundaneum.org\/wp-content\/uploads\/2024\/06\/3-1536x1536.jpg 1536w, https:\/\/mundaneum.org\/wp-content\/uploads\/2024\/06\/3-630x630.jpg 630w, https:\/\/mundaneum.org\/wp-content\/uploads\/2024\/06\/3-1200x1200.jpg 1200w, https:\/\/mundaneum.org\/wp-content\/uploads\/2024\/06\/3-1500x1500.jpg 1500w, https:\/\/mundaneum.org\/wp-content\/uploads\/2024\/06\/3-600x600.jpg 600w, https:\/\/mundaneum.org\/wp-content\/uploads\/2024\/06\/3-100x100.jpg 100w, https:\/\/mundaneum.org\/wp-content\/uploads\/2024\/06\/3-460x460.jpg 460w, https:\/\/mundaneum.org\/wp-content\/uploads\/2024\/06\/3.jpg 1772w\" sizes=\"(max-width: 1024px) 100vw, 1024px\" \/><\/figure>\n<\/div>\n\n\n\n<div class=\"wp-block-column is-layout-flow wp-block-column-is-layout-flow\"><\/div>\n<\/div>\n\n\n\n<div style=\"height:33px\" aria-hidden=\"true\" class=\"wp-block-spacer\"><\/div>\n","protected":false},"excerpt":{"rendered":"<p>Gemakkelijke toegang tot de Mundanem<\/p>\n","protected":false},"author":4,"featured_media":803,"parent":9391,"menu_order":0,"comment_status":"closed","ping_status":"closed","template":"template-sidebar-right.php","meta":{"_acf_changed":false,"_tec_requires_first_save":true,"inline_featured_image":false,"_EventAllDay":false,"_EventTimezone":"","_EventStartDate":"","_EventEndDate":"","_EventStartDateUTC":"","_EventEndDateUTC":"","_EventShowMap":false,"_EventShowMapLink":false,"_EventURL":"","_EventCost":"","_EventCostDescription":"","_EventCurrencySymbol":"","_EventCurrencyCode":"","_EventCurrencyPosition":"","_EventDateTimeSeparator":"","_EventTimeRangeSeparator":"","_EventOrganizerID":[],"_EventVenueID":[],"_OrganizerEmail":"","_OrganizerPhone":"","_OrganizerWebsite":"","_VenueAddress":"","_VenueCity":"","_VenueCountry":"","_VenueProvince":"","_VenueState":"","_VenueZip":"","_VenuePhone":"","_VenueURL":"","_VenueStateProvince":"","_VenueLat":"","_VenueLng":"","_VenueShowMap":false,"_VenueShowMapLink":false,"_tribe_blocks_recurrence_rules":"","_tribe_blocks_recurrence_description":"","_tribe_blocks_recurrence_exclusions":"","footnotes":""},"class_list":["post-9105","page","type-page","status-publish","has-post-thumbnail","hentry"],"acf":[],"_links":{"self":[{"href":"https:\/\/mundaneum.org\/nl\/wp-json\/wp\/v2\/pages\/9105","targetHints":{"allow":["GET"]}}],"collection":[{"href":"https:\/\/mundaneum.org\/nl\/wp-json\/wp\/v2\/pages"}],"about":[{"href":"https:\/\/mundaneum.org\/nl\/wp-json\/wp\/v2\/types\/page"}],"author":[{"embeddable":true,"href":"https:\/\/mundaneum.org\/nl\/wp-json\/wp\/v2\/users\/4"}],"replies":[{"embeddable":true,"href":"https:\/\/mundaneum.org\/nl\/wp-json\/wp\/v2\/comments?post=9105"}],"version-history":[{"count":5,"href":"https:\/\/mundaneum.org\/nl\/wp-json\/wp\/v2\/pages\/9105\/revisions"}],"predecessor-version":[{"id":10025,"href":"https:\/\/mundaneum.org\/nl\/wp-json\/wp\/v2\/pages\/9105\/revisions\/10025"}],"up":[{"embeddable":true,"href":"https:\/\/mundaneum.org\/nl\/wp-json\/wp\/v2\/pages\/9391"}],"wp:featuredmedia":[{"embeddable":true,"href":"https:\/\/mundaneum.org\/nl\/wp-json\/wp\/v2\/media\/803"}],"wp:attachment":[{"href":"https:\/\/mundaneum.org\/nl\/wp-json\/wp\/v2\/media?parent=9105"}],"curies":[{"name":"wp","href":"https:\/\/api.w.org\/{rel}","templated":true}]}}